{"id":5478,"date":"2018-01-27T13:09:22","date_gmt":"2018-01-27T12:09:22","guid":{"rendered":"https:\/\/mooden.cz\/introduction\/"},"modified":"2025-11-06T11:50:11","modified_gmt":"2025-11-06T10:50:11","slug":"introduction","status":"publish","type":"page","link":"https:\/\/mooden.cz\/en\/","title":{"rendered":"Introduction"},"content":{"rendered":"\n<div class=\"wp-block-cover alignfull hpFirst\"><img loading=\"lazy\" decoding=\"async\" width=\"1693\" height=\"953\" class=\"wp-block-cover__image-background wp-image-3430 size-full\" alt=\"Navrhujeme promy\u0161len\u00e9 \ninteri\u00e9ry\" src=\"https:\/\/mooden.cz\/wp-content\/uploads\/2025\/08\/image-1-1.jpg\" data-object-fit=\"cover\" srcset=\"https:\/\/mooden.cz\/wp-content\/uploads\/2025\/08\/image-1-1.jpg 1693w, https:\/\/mooden.cz\/wp-content\/uploads\/2025\/08\/image-1-1-750x422.jpg 750w, https:\/\/mooden.cz\/wp-content\/uploads\/2025\/08\/image-1-1-1500x844.jpg 1500w, https:\/\/mooden.cz\/wp-content\/uploads\/2025\/08\/image-1-1-768x432.jpg 768w, https:\/\/mooden.cz\/wp-content\/uploads\/2025\/08\/image-1-1-1536x865.jpg 1536w, https:\/\/mooden.cz\/wp-content\/uploads\/2025\/08\/image-1-1-500x281.jpg 500w\" sizes=\"auto, (max-width: 1693px) 100vw, 1693px\" \/><span aria-hidden=\"true\" class=\"wp-block-cover__background has-black-background-color has-background-dim-40 has-background-dim\"><\/span><div class=\"wp-block-cover__inner-container is-layout-constrained wp-block-cover-is-layout-constrained\">\n<h1 class=\"wp-block-heading has-text-align-left\">We design thoughtful<br\/>interiors<\/h1>\n\n\n\n<div style=\"height:var(--wp--preset--spacing--gap-small)\" aria-hidden=\"true\" class=\"wp-block-spacer\"><\/div>\n\n\n\n<div class=\"wp-block-columns hpFIrstCollumns is-layout-flex wp-container-core-columns-is-layout-28f84493 wp-block-columns-is-layout-flex\">\n<div class=\"wp-block-column is-layout-flow wp-block-column-is-layout-flow\" style=\"flex-basis:40%\"><\/div>\n\n\n\n<div class=\"wp-block-column col-sipka is-layout-flow wp-block-column-is-layout-flow\" style=\"flex-basis:20%\">\n<figure class=\"wp-block-image aligncenter size-large\"><img loading=\"lazy\" decoding=\"async\" width=\"39\" height=\"53\" src=\"https:\/\/mooden.cz\/wp-content\/uploads\/2025\/08\/sipka-white-down.svg\" alt=\"arrow\" class=\"wp-image-3426\"\/><\/figure>\n<\/div>\n\n\n\n<div class=\"wp-block-column col-text is-layout-flow wp-block-column-is-layout-flow\" style=\"flex-basis:40%\">\n<p class=\"mt-0\" class=\"wp-block-paragraph\">You no longer have to just dream about a modern interior. In our creative interior studio Mooden, we ensure that your visions become a reality anywhere in the Czech Republic. <\/p>\n\n\n\n<div style=\"height:var(--wp--preset--spacing--20)\" aria-hidden=\"true\" class=\"wp-block-spacer\"><\/div>\n\n\n\n<div class=\"wp-block-buttons is-layout-flex wp-block-buttons-is-layout-flex\">\n<div class=\"wp-block-button is-style-outline btnSipkaSikma is-style-outline--1\"><a class=\"wp-block-button__link wp-element-button\" href=\"https:\/\/mooden.cz\/en\/contact\/\">Request a project<\/a><\/div>\n<\/div>\n<\/div>\n<\/div>\n<\/div><\/div>\n\n<div style=\"height:4.45rem\" aria-hidden=\"true\" class=\"wp-block-spacer\"><\/div>\n\n<div class=\"wp-block-columns is-layout-flex wp-container-core-columns-is-layout-28f84493 wp-block-columns-is-layout-flex\">\n<div class=\"wp-block-column is-layout-flow wp-block-column-is-layout-flow\" style=\"flex-basis:60%\">\n<figure class=\"wp-block-image size-large\"><img loading=\"lazy\" decoding=\"async\" width=\"1500\" height=\"1000\" src=\"https:\/\/mooden.cz\/wp-content\/uploads\/2025\/08\/onas-full-1500x1000.jpg\" alt=\"Our team\" class=\"wp-image-466\" srcset=\"https:\/\/mooden.cz\/wp-content\/uploads\/2025\/08\/onas-full-1500x1000.jpg 1500w, https:\/\/mooden.cz\/wp-content\/uploads\/2025\/08\/onas-full-750x500.jpg 750w, https:\/\/mooden.cz\/wp-content\/uploads\/2025\/08\/onas-full-768x512.jpg 768w, https:\/\/mooden.cz\/wp-content\/uploads\/2025\/08\/onas-full-440x294.jpg 440w\" sizes=\"auto, (max-width: 1500px) 100vw, 1500px\" \/><\/figure>\n<\/div>\n\n\n\n<div class=\"wp-block-column is-layout-flow wp-block-column-is-layout-flow\" style=\"flex-basis:40%\">\n<h2 class=\"wp-block-heading\">We are\u2028Mooden<\/h2>\n\n\n\n<div style=\"height:var(--wp--preset--spacing--20)\" aria-hidden=\"true\" class=\"wp-block-spacer\"><\/div>\n\n\n\n<p class=\"wp-block-paragraph\">A team of experienced interior designers who continuously educate themselves in current trends and innovations in design to always offer you the best solution.<\/p>\n<\/div>\n<\/div>\n\n<div style=\"height:var(--wp--preset--spacing--gap-large)\" aria-hidden=\"true\" class=\"wp-block-spacer\"><\/div>\n\n<div class=\"wp-block-columns is-layout-flex wp-container-core-columns-is-layout-28f84493 wp-block-columns-is-layout-flex\">\n<div class=\"wp-block-column is-layout-flow wp-block-column-is-layout-flow\">\n<h2 class=\"wp-block-heading\">What We Can Do<\/h2>\n\n\n    <div id=\"faq-block_ae4e9b7847c3d893db953b9d31f852e2\" class=\"accordion accordion-flush faq acortionHome\">\n        \n            <div class=\"accordion-item\">\n                <h3 class=\"accordion-header pb-0\">\n                    <button class=\"accordion-button collapsed h5 mb-0 py-4\" type=\"button\" data-bs-toggle=\"collapse\"\n                        data-bs-target=\"#item-1\" aria-expanded=\"false\"\n                        aria-controls=\"item-1\">\n                        <span class=\"accordion-button-number\">01<\/span>\n                        <span>Offices<\/span>\n                    <\/button>\n                <\/h3>\n                <div id=\"item-1\" class=\"accordion-collapse collapse\"\n                    data-bs-parent=\"#faq-block_ae4e9b7847c3d893db953b9d31f852e2\" data-faqImage=\"https:\/\/mooden.cz\/wp-content\/uploads\/2025\/08\/image-11-1-1500x809.jpg\">\n                    <div class=\"accordion-body pt-0 mt-0\"><p class=\"wp-block-paragraph\">We will design a place where your employees will love to work. We consider the need for privacy, collaboration, or even acoustics. <\/p>\n<p class=\"wp-block-paragraph\"><a class=\"btn btn-outline-primary\" href=\"https:\/\/mooden.cz\/en\/services\/offices\/\">How do we design offices?<\/a><\/p>\n<\/div>\n                <\/div>\n            <\/div>\n        \n            <div class=\"accordion-item\">\n                <h3 class=\"accordion-header pb-0\">\n                    <button class=\"accordion-button collapsed h5 mb-0 py-4\" type=\"button\" data-bs-toggle=\"collapse\"\n                        data-bs-target=\"#item-2\" aria-expanded=\"false\"\n                        aria-controls=\"item-2\">\n                        <span class=\"accordion-button-number\">02<\/span>\n                        <span>Healthcare Facilities<\/span>\n                    <\/button>\n                <\/h3>\n                <div id=\"item-2\" class=\"accordion-collapse collapse\"\n                    data-bs-parent=\"#faq-block_ae4e9b7847c3d893db953b9d31f852e2\" data-faqImage=\"https:\/\/mooden.cz\/wp-content\/uploads\/2025\/08\/Mooden_interier_centrum_sportovni_mediciny-8-1-1318x1500.jpg\">\n                    <div class=\"accordion-body pt-0 mt-0\"><p class=\"wp-block-paragraph\">Clinics, waiting rooms, and pharmacies. We design places where both staff and patients feel comfortable. Individual clinics and entire medical centers.  <\/p>\n<p class=\"wp-block-paragraph\"><a class=\"btn btn-outline-primary\" href=\"https:\/\/mooden.cz\/en\/services\/healthcare-facilities\/\">More about healthcare interiors<\/a><\/p>\n<\/div>\n                <\/div>\n            <\/div>\n        \n            <div class=\"accordion-item\">\n                <h3 class=\"accordion-header pb-0\">\n                    <button class=\"accordion-button collapsed h5 mb-0 py-4\" type=\"button\" data-bs-toggle=\"collapse\"\n                        data-bs-target=\"#item-3\" aria-expanded=\"false\"\n                        aria-controls=\"item-3\">\n                        <span class=\"accordion-button-number\">03<\/span>\n                        <span>Residential<\/span>\n                    <\/button>\n                <\/h3>\n                <div id=\"item-3\" class=\"accordion-collapse collapse\"\n                    data-bs-parent=\"#faq-block_ae4e9b7847c3d893db953b9d31f852e2\" data-faqImage=\"https:\/\/mooden.cz\/wp-content\/uploads\/2025\/08\/bydleni-1318x1500.jpg\">\n                    <div class=\"accordion-body pt-0 mt-0\"><p class=\"wp-block-paragraph\">Private interiors, rental housing, or new development projects. We can advise or design a new interior for all of these. <\/p>\n<p class=\"wp-block-paragraph\"><a class=\"btn btn-outline-primary\" href=\"https:\/\/mooden.cz\/en\/services\/residential\/\">How do we design living spaces?<\/a><\/p>\n<\/div>\n                <\/div>\n            <\/div>\n        \n            <div class=\"accordion-item\">\n                <h3 class=\"accordion-header pb-0\">\n                    <button class=\"accordion-button collapsed h5 mb-0 py-4\" type=\"button\" data-bs-toggle=\"collapse\"\n                        data-bs-target=\"#item-4\" aria-expanded=\"false\"\n                        aria-controls=\"item-4\">\n                        <span class=\"accordion-button-number\">04<\/span>\n                        <span>Commercial spaces<\/span>\n                    <\/button>\n                <\/h3>\n                <div id=\"item-4\" class=\"accordion-collapse collapse\"\n                    data-bs-parent=\"#faq-block_ae4e9b7847c3d893db953b9d31f852e2\" data-faqImage=\"https:\/\/mooden.cz\/wp-content\/uploads\/2025\/08\/obchodni-prostory-1318x1500.jpg\">\n                    <div class=\"accordion-body pt-0 mt-0\"><p class=\"wp-block-paragraph\">We breathe new life into your stores, kiosks, or parts of shopping centers.<\/p>\n<p class=\"wp-block-paragraph\"><a class=\"btn btn-outline-primary\" href=\"https:\/\/mooden.cz\/en\/services\/commercial-spaces\/\">How do we work on commercial spaces?<\/a><\/p>\n<\/div>\n                <\/div>\n            <\/div>\n        \n            <div class=\"accordion-item\">\n                <h3 class=\"accordion-header pb-0\">\n                    <button class=\"accordion-button collapsed h5 mb-0 py-4\" type=\"button\" data-bs-toggle=\"collapse\"\n                        data-bs-target=\"#item-5\" aria-expanded=\"false\"\n                        aria-controls=\"item-5\">\n                        <span class=\"accordion-button-number\">05<\/span>\n                        <span>Hotels and restaurants<\/span>\n                    <\/button>\n                <\/h3>\n                <div id=\"item-5\" class=\"accordion-collapse collapse\"\n                    data-bs-parent=\"#faq-block_ae4e9b7847c3d893db953b9d31f852e2\" data-faqImage=\"https:\/\/mooden.cz\/wp-content\/uploads\/2025\/08\/HoReCa-1318x1500.jpg\">\n                    <div class=\"accordion-body pt-0 mt-0\"><p class=\"wp-block-paragraph\">We will design a great space for you where people will love to return for good food, relaxation, and the overall atmosphere.<\/p>\n<p class=\"wp-block-paragraph\"><a class=\"btn btn-outline-primary\" href=\"https:\/\/mooden.cz\/en\/services\/hotels-restaurants-cafes\/\">Show our work<\/a><\/p>\n<\/div>\n                <\/div>\n            <\/div>\n            <\/div>\n<\/div>\n\n\n\n<div class=\"wp-block-column position-relative is-layout-flow wp-block-column-is-layout-flow\">\n<figure class=\"wp-block-image size-full\" id=\"faqImage\"><img loading=\"lazy\" decoding=\"async\" width=\"2249\" height=\"2560\" src=\"https:\/\/mooden.cz\/wp-content\/uploads\/2025\/08\/bydleni-scaled.jpg\" alt=\"\" class=\"wp-image-3293\" srcset=\"https:\/\/mooden.cz\/wp-content\/uploads\/2025\/08\/bydleni-scaled.jpg 2249w, https:\/\/mooden.cz\/wp-content\/uploads\/2025\/08\/bydleni-659x750.jpg 659w, https:\/\/mooden.cz\/wp-content\/uploads\/2025\/08\/bydleni-1318x1500.jpg 1318w, https:\/\/mooden.cz\/wp-content\/uploads\/2025\/08\/bydleni-768x874.jpg 768w, https:\/\/mooden.cz\/wp-content\/uploads\/2025\/08\/bydleni-1350x1536.jpg 1350w, https:\/\/mooden.cz\/wp-content\/uploads\/2025\/08\/bydleni-1799x2048.jpg 1799w, https:\/\/mooden.cz\/wp-content\/uploads\/2025\/08\/bydleni-500x569.jpg 500w\" sizes=\"auto, (max-width: 2249px) 100vw, 2249px\" \/><\/figure>\n<\/div>\n<\/div>\n\n<div style=\"height:var(--wp--preset--spacing--gap-large)\" aria-hidden=\"true\" class=\"wp-block-spacer\"><\/div>\n\n<h2 class=\"wp-block-heading\">Latest Projects<\/h2>\n    <div class=\"carousel-wrap\">\n        <div id=\"referenceCarouselblock_c24ed00bc77ec7920ccd8550c17cdba6\" class=\"owl-carousel owl-theme owlTopReference\">\n\n                            <div class=\"boxNovinky boxReferenceCarousel\">\n\n                    <a href=\"https:\/\/mooden.cz\/en\/reference\/safetica-3\/\" aria-label=\"Introduction\">\n                        <div class=\"ratio ratio-4x5 mt-0\">\n                            <img loading=\"lazy\" decoding=\"async\" width=\"1500\" height=\"1000\" src=\"https:\/\/mooden.cz\/wp-content\/uploads\/2026\/03\/Cofidis-05387-1500x1000.jpg\" class=\"object-fit-cover w-100 h-100\" alt=\"\" srcset=\"https:\/\/mooden.cz\/wp-content\/uploads\/2026\/03\/Cofidis-05387-1500x1000.jpg 1500w, https:\/\/mooden.cz\/wp-content\/uploads\/2026\/03\/Cofidis-05387-750x500.jpg 750w, https:\/\/mooden.cz\/wp-content\/uploads\/2026\/03\/Cofidis-05387-768x512.jpg 768w, https:\/\/mooden.cz\/wp-content\/uploads\/2026\/03\/Cofidis-05387-1536x1024.jpg 1536w, https:\/\/mooden.cz\/wp-content\/uploads\/2026\/03\/Cofidis-05387-2048x1365.jpg 2048w, https:\/\/mooden.cz\/wp-content\/uploads\/2026\/03\/Cofidis-05387-500x333.jpg 500w\" sizes=\"auto, (max-width: 1500px) 100vw, 1500px\" \/>                        <\/div>\n                    <\/a>\n\n                    <a href=\"https:\/\/mooden.cz\/en\/reference\/safetica-3\/\" aria-label=\"Safetica\">\n                        <h2 class=\"nadpisNovinky mt-3\">Safetica<\/h2>\n                    <\/a>\n\n                    <div class=\"mt-3\">Interi\u00e9r restaurace dnes nen\u00ed jen o atmosf\u00e9\u0159e, ale o tom, jak dob\u0159e podporuje provoz, chov\u00e1n\u00ed host\u016f a celkov\u00fd z\u00e1\u017eitek. Restovna&#8230;<\/div>\n\n\n                <\/div>\n                            <div class=\"boxNovinky boxReferenceCarousel\">\n\n                    <a href=\"https:\/\/mooden.cz\/en\/reference\/safetica-2\/\" aria-label=\"Introduction\">\n                        <div class=\"ratio ratio-4x5 mt-0\">\n                            <img loading=\"lazy\" decoding=\"async\" width=\"1500\" height=\"841\" src=\"https:\/\/mooden.cz\/wp-content\/uploads\/2026\/04\/youngmann2-1-1500x841.png\" class=\"object-fit-cover w-100 h-100\" alt=\"\" srcset=\"https:\/\/mooden.cz\/wp-content\/uploads\/2026\/04\/youngmann2-1-1500x841.png 1500w, https:\/\/mooden.cz\/wp-content\/uploads\/2026\/04\/youngmann2-1-750x420.png 750w, https:\/\/mooden.cz\/wp-content\/uploads\/2026\/04\/youngmann2-1-768x430.png 768w, https:\/\/mooden.cz\/wp-content\/uploads\/2026\/04\/youngmann2-1-1536x861.png 1536w, https:\/\/mooden.cz\/wp-content\/uploads\/2026\/04\/youngmann2-1-2048x1148.png 2048w, https:\/\/mooden.cz\/wp-content\/uploads\/2026\/04\/youngmann2-1-500x280.png 500w\" sizes=\"auto, (max-width: 1500px) 100vw, 1500px\" \/>                        <\/div>\n                    <\/a>\n\n                    <a href=\"https:\/\/mooden.cz\/en\/reference\/safetica-2\/\" aria-label=\"Safetica\">\n                        <h2 class=\"nadpisNovinky mt-3\">Safetica<\/h2>\n                    <\/a>\n\n                    <div class=\"mt-3\">Nov\u00e9 kancel\u00e1\u0159e spole\u010dnosti Cofidis vznikly jako funk\u010dn\u00ed a z\u00e1rove\u0148 kultivovan\u00fd pracovn\u00ed prostor, kter\u00fd odpov\u00edd\u00e1 n\u00e1rok\u016fm modern\u00edho provozu. C\u00edlem nebylo vytvo\u0159it&#8230;<\/div>\n\n\n                <\/div>\n                            <div class=\"boxNovinky boxReferenceCarousel\">\n\n                    <a href=\"https:\/\/mooden.cz\/en\/reference\/interior-design-of-a-one-room-apartment-with-a-workspace\/\" aria-label=\"Introduction\">\n                        <div class=\"ratio ratio-4x5 mt-0\">\n                            <img loading=\"lazy\" decoding=\"async\" width=\"1500\" height=\"750\" src=\"https:\/\/mooden.cz\/wp-content\/uploads\/2025\/08\/Mooden_interier_jednopokojovy_byt-1-1500x750.jpg\" class=\"object-fit-cover w-100 h-100\" alt=\"\" srcset=\"https:\/\/mooden.cz\/wp-content\/uploads\/2025\/08\/Mooden_interier_jednopokojovy_byt-1-1500x750.jpg 1500w, https:\/\/mooden.cz\/wp-content\/uploads\/2025\/08\/Mooden_interier_jednopokojovy_byt-1-750x375.jpg 750w, https:\/\/mooden.cz\/wp-content\/uploads\/2025\/08\/Mooden_interier_jednopokojovy_byt-1-768x384.jpg 768w, https:\/\/mooden.cz\/wp-content\/uploads\/2025\/08\/Mooden_interier_jednopokojovy_byt-1-1536x768.jpg 1536w, https:\/\/mooden.cz\/wp-content\/uploads\/2025\/08\/Mooden_interier_jednopokojovy_byt-1-500x250.jpg 500w, https:\/\/mooden.cz\/wp-content\/uploads\/2025\/08\/Mooden_interier_jednopokojovy_byt-1.jpg 1920w\" sizes=\"auto, (max-width: 1500px) 100vw, 1500px\" \/>                        <\/div>\n                    <\/a>\n\n                    <a href=\"https:\/\/mooden.cz\/en\/reference\/interior-design-of-a-one-room-apartment-with-a-workspace\/\" aria-label=\"Interior Design of a One-Room Apartment with a Workspace\">\n                        <h2 class=\"nadpisNovinky mt-3\">Interior Design of a One-Room Apartment with a Workspace<\/h2>\n                    <\/a>\n\n                    <div class=\"mt-3\">Designing small apartments is always a challenge for us, but also a joy. With this project, we reaffirmed that even&#8230;<\/div>\n\n\n                <\/div>\n                            <div class=\"boxNovinky boxReferenceCarousel\">\n\n                    <a href=\"https:\/\/mooden.cz\/en\/reference\/a-family-home-designed-for-everyday-comfort\/\" aria-label=\"Introduction\">\n                        <div class=\"ratio ratio-4x5 mt-0\">\n                            <img loading=\"lazy\" decoding=\"async\" width=\"1500\" height=\"638\" src=\"https:\/\/mooden.cz\/wp-content\/uploads\/2025\/08\/Vecerova_v.02_16-1-1500x638.jpg\" class=\"object-fit-cover w-100 h-100\" alt=\"\" srcset=\"https:\/\/mooden.cz\/wp-content\/uploads\/2025\/08\/Vecerova_v.02_16-1-1500x638.jpg 1500w, https:\/\/mooden.cz\/wp-content\/uploads\/2025\/08\/Vecerova_v.02_16-1-750x319.jpg 750w, https:\/\/mooden.cz\/wp-content\/uploads\/2025\/08\/Vecerova_v.02_16-1-768x326.jpg 768w, https:\/\/mooden.cz\/wp-content\/uploads\/2025\/08\/Vecerova_v.02_16-1-1536x653.jpg 1536w, https:\/\/mooden.cz\/wp-content\/uploads\/2025\/08\/Vecerova_v.02_16-1-500x213.jpg 500w, https:\/\/mooden.cz\/wp-content\/uploads\/2025\/08\/Vecerova_v.02_16-1.jpg 1920w\" sizes=\"auto, (max-width: 1500px) 100vw, 1500px\" \/>                        <\/div>\n                    <\/a>\n\n                    <a href=\"https:\/\/mooden.cz\/en\/reference\/a-family-home-designed-for-everyday-comfort\/\" aria-label=\"A Family Home Designed for Everyday Comfort\">\n                        <h2 class=\"nadpisNovinky mt-3\">A Family Home Designed for Everyday Comfort<\/h2>\n                    <\/a>\n\n                    <div class=\"mt-3\">We worked on the design of this house with joy\u2014partly because the client approached us for the second time. The&#8230;<\/div>\n\n\n                <\/div>\n                            <div class=\"boxNovinky boxReferenceCarousel\">\n\n                    <a href=\"https:\/\/mooden.cz\/en\/reference\/safetica\/\" aria-label=\"Introduction\">\n                        <div class=\"ratio ratio-4x5 mt-0\">\n                            <img loading=\"lazy\" decoding=\"async\" width=\"1500\" height=\"473\" src=\"https:\/\/mooden.cz\/wp-content\/uploads\/2025\/08\/seiftica-covet-1500x473.jpg\" class=\"object-fit-cover w-100 h-100\" alt=\"\" srcset=\"https:\/\/mooden.cz\/wp-content\/uploads\/2025\/08\/seiftica-covet-1500x473.jpg 1500w, https:\/\/mooden.cz\/wp-content\/uploads\/2025\/08\/seiftica-covet-750x237.jpg 750w, https:\/\/mooden.cz\/wp-content\/uploads\/2025\/08\/seiftica-covet-768x242.jpg 768w, https:\/\/mooden.cz\/wp-content\/uploads\/2025\/08\/seiftica-covet-1536x485.jpg 1536w, https:\/\/mooden.cz\/wp-content\/uploads\/2025\/08\/seiftica-covet-500x158.jpg 500w, https:\/\/mooden.cz\/wp-content\/uploads\/2025\/08\/seiftica-covet.jpg 1920w\" sizes=\"auto, (max-width: 1500px) 100vw, 1500px\" \/>                        <\/div>\n                    <\/a>\n\n                    <a href=\"https:\/\/mooden.cz\/en\/reference\/safetica\/\" aria-label=\"Safetica\">\n                        <h2 class=\"nadpisNovinky mt-3\">Safetica<\/h2>\n                    <\/a>\n\n                    <div class=\"mt-3\">We designed new offices for the technology startup Safetica, whose current premises had become too cramped. The extensive project of&#8230;<\/div>\n\n\n                <\/div>\n                            <div class=\"boxNovinky boxReferenceCarousel\">\n\n                    <a href=\"https:\/\/mooden.cz\/en\/reference\/sports-facility-sensitively-integrated-into-the-landscape\/\" aria-label=\"Introduction\">\n                        <div class=\"ratio ratio-4x5 mt-0\">\n                            <img loading=\"lazy\" decoding=\"async\" width=\"1500\" height=\"833\" src=\"https:\/\/mooden.cz\/wp-content\/uploads\/2025\/08\/Mooden_sportovni_areal-1-1500x833.jpg\" class=\"object-fit-cover w-100 h-100\" alt=\"\" srcset=\"https:\/\/mooden.cz\/wp-content\/uploads\/2025\/08\/Mooden_sportovni_areal-1-1500x833.jpg 1500w, https:\/\/mooden.cz\/wp-content\/uploads\/2025\/08\/Mooden_sportovni_areal-1-750x417.jpg 750w, https:\/\/mooden.cz\/wp-content\/uploads\/2025\/08\/Mooden_sportovni_areal-1-768x427.jpg 768w, https:\/\/mooden.cz\/wp-content\/uploads\/2025\/08\/Mooden_sportovni_areal-1-1536x853.jpg 1536w, https:\/\/mooden.cz\/wp-content\/uploads\/2025\/08\/Mooden_sportovni_areal-1-500x278.jpg 500w, https:\/\/mooden.cz\/wp-content\/uploads\/2025\/08\/Mooden_sportovni_areal-1.jpg 1800w\" sizes=\"auto, (max-width: 1500px) 100vw, 1500px\" \/>                        <\/div>\n                    <\/a>\n\n                    <a href=\"https:\/\/mooden.cz\/en\/reference\/sports-facility-sensitively-integrated-into-the-landscape\/\" aria-label=\"Sports Facility Sensitively Integrated into the Landscape\">\n                        <h2 class=\"nadpisNovinky mt-3\">Sports Facility Sensitively Integrated into the Landscape<\/h2>\n                    <\/a>\n\n                    <div class=\"mt-3\">For the football complex, we designed a new facility building for athletes and spectators, which functionally complements the existing field&#8230;<\/div>\n\n\n                <\/div>\n                    <\/div>\n\n    <\/div>\n\n<div style=\"height:var(--wp--preset--spacing--gap-large)\" aria-hidden=\"true\" class=\"wp-block-spacer\"><\/div>\n\n    <div class=\"blockCTA row mb-4 g-0\">\n\n        <div class=\"col-md-5\">\n            <img loading=\"lazy\" decoding=\"async\" width=\"1500\" height=\"936\" src=\"https:\/\/mooden.cz\/wp-content\/uploads\/2025\/09\/image-7-1500x936.jpg\" class=\"object-fit-cover w-100 h-100\" alt=\"\" srcset=\"https:\/\/mooden.cz\/wp-content\/uploads\/2025\/09\/image-7-1500x936.jpg 1500w, https:\/\/mooden.cz\/wp-content\/uploads\/2025\/09\/image-7-750x468.jpg 750w, https:\/\/mooden.cz\/wp-content\/uploads\/2025\/09\/image-7-768x479.jpg 768w, https:\/\/mooden.cz\/wp-content\/uploads\/2025\/09\/image-7-1536x958.jpg 1536w, https:\/\/mooden.cz\/wp-content\/uploads\/2025\/09\/image-7-500x312.jpg 500w, https:\/\/mooden.cz\/wp-content\/uploads\/2025\/09\/image-7.jpg 1915w\" sizes=\"auto, (max-width: 1500px) 100vw, 1500px\" \/>        <\/div>\n        <div class=\"col-md-7 bg-primary boxNewslettru vlastniCta\">\n            <h2>Want to see even more of our work?<\/h2>\n            <div class=\"row g-3 justify-content-end\">\n                <div class=\"col-xl-9\">\n                    <div class=\"my-4\"><p class=\"wp-block-paragraph\">A picture is worth a thousand words. But we prefer a thousand pictures. Explore our portfolio.  <\/p>\n<\/div><a href=\"https:\/\/mooden.cz\/nase-prace\/\" class=\"btn btn-outline-primary btnSipkaKolma\">View portfolio<\/a><\/div>\n            <\/div>\n\n\n\n        <\/div>\n    <\/div>\n\n\n\n\n<div style=\"height:var(--wp--preset--spacing--gap-large)\" aria-hidden=\"true\" class=\"wp-block-spacer\"><\/div>\n\n<div class=\"wp-block-group is-layout-constrained wp-block-group-is-layout-constrained\">\n<div class=\"wp-block-columns is-layout-flex wp-container-core-columns-is-layout-28f84493 wp-block-columns-is-layout-flex\">\n<div class=\"wp-block-column is-layout-flow wp-block-column-is-layout-flow\" style=\"flex-basis:60%\">\n<h2 class=\"wp-block-heading sipkaEnd\">We know <br\/>how to do it<\/h2>\n\n\n\n<p class=\"odsazeniTextu mt-35\" class=\"wp-block-paragraph\">At MOODEN interior studio, we assist with the design and realization of your interior. We have completed hundreds of projects. We design custom interiors and create your homes, modern offices, and other commercial spaces.  <\/p>\n<\/div>\n\n\n\n<div class=\"wp-block-column is-layout-flow wp-block-column-is-layout-flow\" style=\"flex-basis:40%\">\n<figure class=\"wp-block-image size-large\"><img loading=\"lazy\" decoding=\"async\" width=\"1500\" height=\"1200\" src=\"https:\/\/mooden.cz\/wp-content\/uploads\/2025\/08\/tym-mooden-1500x1200.jpg\" alt=\"Team Mooden\" class=\"wp-image-731\" srcset=\"https:\/\/mooden.cz\/wp-content\/uploads\/2025\/08\/tym-mooden-1500x1200.jpg 1500w, https:\/\/mooden.cz\/wp-content\/uploads\/2025\/08\/tym-mooden-750x600.jpg 750w, https:\/\/mooden.cz\/wp-content\/uploads\/2025\/08\/tym-mooden-768x614.jpg 768w, https:\/\/mooden.cz\/wp-content\/uploads\/2025\/08\/tym-mooden-1536x1229.jpg 1536w, https:\/\/mooden.cz\/wp-content\/uploads\/2025\/08\/tym-mooden-500x400.jpg 500w, https:\/\/mooden.cz\/wp-content\/uploads\/2025\/08\/tym-mooden.jpg 1605w\" sizes=\"auto, (max-width: 1500px) 100vw, 1500px\" \/><\/figure>\n<\/div>\n<\/div>\n<\/div>\n\n<div class=\"wp-block-group box-cisel is-layout-flex wp-block-group-is-layout-flex\">\n<div class=\"wp-block-group cislo is-vertical is-layout-flex wp-container-core-group-is-layout-4b827052 wp-block-group-is-layout-flex\">\n<h3 class=\"wp-block-heading\">171<\/h3>\n\n\n\n<p class=\"wp-block-paragraph\">Projects per year<\/p>\n<\/div>\n\n\n\n<div class=\"wp-block-group cislo is-vertical is-layout-flex wp-container-core-group-is-layout-4b827052 wp-block-group-is-layout-flex\">\n<h3 class=\"wp-block-heading\">10<\/h3>\n\n\n\n<p class=\"wp-block-paragraph\">Professionals in the team<\/p>\n<\/div>\n\n\n\n<div class=\"wp-block-group cislo is-vertical is-layout-flex wp-container-core-group-is-layout-4b827052 wp-block-group-is-layout-flex\">\n<h3 class=\"wp-block-heading\">8 Years<\/h3>\n\n\n\n<p class=\"wp-block-paragraph\">Fresh ideas<\/p>\n<\/div>\n<\/div>\n\n<div class=\"wp-block-group is-layout-constrained wp-block-group-is-layout-constrained\" style=\"padding-top:var(--wp--preset--spacing--gap-large)\">\n<h2 class=\"wp-block-heading has-text-align-center\">What&#8217;s on our Mind<\/h2>\n\n\n    <div class=\"carousel-wrap\">\n        <div id=\"produktyCarouselblock_1dc986c316414ed8c2db605a8d120d24\" class=\"owl-carousel owl-theme owlNovinky alignwide\">\n                            <div class=\"boxNovinky boxNovinkyCarousel pt-3\">\n                    <div class=\"novinky-kategorie mb-2\"><a href=\"https:\/\/mooden.cz\/en\/kategorie\/uncategorized\/\">Uncategorized<\/a><\/div>                    <div class=\"border-1 border-top pt-3\">\n\n                        <a href=\"https:\/\/mooden.cz\/en\/investment-in-interior-design-as-part-of-corporate-strategy-2-3-2-2-3\/\" aria-label=\"Introduction\">\n                            <div class=\"ratio ratio-5x4 mt-0\">\n                                <img loading=\"lazy\" decoding=\"async\" width=\"750\" height=\"499\" src=\"https:\/\/mooden.cz\/wp-content\/uploads\/2025\/08\/mooden_interier_maly_byt-10-750x499.jpg\" class=\"object-fit-cover w-100 h-100\" alt=\"\" srcset=\"https:\/\/mooden.cz\/wp-content\/uploads\/2025\/08\/mooden_interier_maly_byt-10-750x499.jpg 750w, https:\/\/mooden.cz\/wp-content\/uploads\/2025\/08\/mooden_interier_maly_byt-10-1500x998.jpg 1500w, https:\/\/mooden.cz\/wp-content\/uploads\/2025\/08\/mooden_interier_maly_byt-10-768x511.jpg 768w, https:\/\/mooden.cz\/wp-content\/uploads\/2025\/08\/mooden_interier_maly_byt-10-1536x1022.jpg 1536w, https:\/\/mooden.cz\/wp-content\/uploads\/2025\/08\/mooden_interier_maly_byt-10-500x333.jpg 500w, https:\/\/mooden.cz\/wp-content\/uploads\/2025\/08\/mooden_interier_maly_byt-10.jpg 1600w\" sizes=\"auto, (max-width: 750px) 100vw, 750px\" \/>                            <\/div>\n                        <\/a>\n\n                        <a href=\"https:\/\/mooden.cz\/en\/investment-in-interior-design-as-part-of-corporate-strategy-2-3-2-2-3\/\" aria-label=\"Investment in Interior Design as Part of Corporate Strategy\">\n                            <h2 class=\"nadpisNovinky mt-3\">Investment in Interior Design as Part of Corporate Strategy<\/h2>\n                        <\/a>\n\n\n                    <\/div>\n                <\/div>\n                            <div class=\"boxNovinky boxNovinkyCarousel pt-3\">\n                    <div class=\"novinky-kategorie mb-2\"><a href=\"https:\/\/mooden.cz\/en\/kategorie\/implementation\/\">Implementation<\/a><\/div>                    <div class=\"border-1 border-top pt-3\">\n\n                        <a href=\"https:\/\/mooden.cz\/en\/investment-in-interior-design-as-part-of-corporate-strategy-2-3-2-2-2\/\" aria-label=\"Introduction\">\n                            <div class=\"ratio ratio-5x4 mt-0\">\n                                <img loading=\"lazy\" decoding=\"async\" width=\"750\" height=\"472\" src=\"https:\/\/mooden.cz\/wp-content\/uploads\/2026\/04\/loznice_mooden1-750x472.png\" class=\"object-fit-cover w-100 h-100\" alt=\"\" srcset=\"https:\/\/mooden.cz\/wp-content\/uploads\/2026\/04\/loznice_mooden1-750x472.png 750w, https:\/\/mooden.cz\/wp-content\/uploads\/2026\/04\/loznice_mooden1-1500x944.png 1500w, https:\/\/mooden.cz\/wp-content\/uploads\/2026\/04\/loznice_mooden1-768x483.png 768w, https:\/\/mooden.cz\/wp-content\/uploads\/2026\/04\/loznice_mooden1-1536x967.png 1536w, https:\/\/mooden.cz\/wp-content\/uploads\/2026\/04\/loznice_mooden1-2048x1289.png 2048w, https:\/\/mooden.cz\/wp-content\/uploads\/2026\/04\/loznice_mooden1-500x315.png 500w\" sizes=\"auto, (max-width: 750px) 100vw, 750px\" \/>                            <\/div>\n                        <\/a>\n\n                        <a href=\"https:\/\/mooden.cz\/en\/investment-in-interior-design-as-part-of-corporate-strategy-2-3-2-2-2\/\" aria-label=\"Investment in Interior Design as Part of Corporate Strategy\">\n                            <h2 class=\"nadpisNovinky mt-3\">Investment in Interior Design as Part of Corporate Strategy<\/h2>\n                        <\/a>\n\n\n                    <\/div>\n                <\/div>\n                            <div class=\"boxNovinky boxNovinkyCarousel pt-3\">\n                    <div class=\"novinky-kategorie mb-2\"><a href=\"https:\/\/mooden.cz\/en\/kategorie\/implementation\/\">Implementation<\/a><\/div>                    <div class=\"border-1 border-top pt-3\">\n\n                        <a href=\"https:\/\/mooden.cz\/en\/investment-in-interior-design-as-part-of-corporate-strategy-2-3-2-2\/\" aria-label=\"Introduction\">\n                            <div class=\"ratio ratio-5x4 mt-0\">\n                                <img loading=\"lazy\" decoding=\"async\" width=\"750\" height=\"533\" src=\"https:\/\/mooden.cz\/wp-content\/uploads\/2026\/03\/01_hlavni-obytny_v01-2-750x533.jpg\" class=\"object-fit-cover w-100 h-100\" alt=\"\" srcset=\"https:\/\/mooden.cz\/wp-content\/uploads\/2026\/03\/01_hlavni-obytny_v01-2-750x533.jpg 750w, https:\/\/mooden.cz\/wp-content\/uploads\/2026\/03\/01_hlavni-obytny_v01-2-768x546.jpg 768w, https:\/\/mooden.cz\/wp-content\/uploads\/2026\/03\/01_hlavni-obytny_v01-2-500x356.jpg 500w, https:\/\/mooden.cz\/wp-content\/uploads\/2026\/03\/01_hlavni-obytny_v01-2.jpg 1450w\" sizes=\"auto, (max-width: 750px) 100vw, 750px\" \/>                            <\/div>\n                        <\/a>\n\n                        <a href=\"https:\/\/mooden.cz\/en\/investment-in-interior-design-as-part-of-corporate-strategy-2-3-2-2\/\" aria-label=\"Investment in Interior Design as Part of Corporate Strategy\">\n                            <h2 class=\"nadpisNovinky mt-3\">Investment in Interior Design as Part of Corporate Strategy<\/h2>\n                        <\/a>\n\n\n                    <\/div>\n                <\/div>\n                            <div class=\"boxNovinky boxNovinkyCarousel pt-3\">\n                    <div class=\"novinky-kategorie mb-2\"><a href=\"https:\/\/mooden.cz\/en\/kategorie\/implementation\/\">Implementation<\/a><\/div>                    <div class=\"border-1 border-top pt-3\">\n\n                        <a href=\"https:\/\/mooden.cz\/en\/investment-in-interior-design-as-part-of-corporate-strategy-2-3-2\/\" aria-label=\"Introduction\">\n                            <div class=\"ratio ratio-5x4 mt-0\">\n                                <img loading=\"lazy\" decoding=\"async\" width=\"750\" height=\"533\" src=\"https:\/\/mooden.cz\/wp-content\/uploads\/2026\/03\/obyvak_mooden15-750x533.jpg\" class=\"object-fit-cover w-100 h-100\" alt=\"\" srcset=\"https:\/\/mooden.cz\/wp-content\/uploads\/2026\/03\/obyvak_mooden15-750x533.jpg 750w, https:\/\/mooden.cz\/wp-content\/uploads\/2026\/03\/obyvak_mooden15-1500x1066.jpg 1500w, https:\/\/mooden.cz\/wp-content\/uploads\/2026\/03\/obyvak_mooden15-768x546.jpg 768w, https:\/\/mooden.cz\/wp-content\/uploads\/2026\/03\/obyvak_mooden15-1536x1091.jpg 1536w, https:\/\/mooden.cz\/wp-content\/uploads\/2026\/03\/obyvak_mooden15-500x355.jpg 500w, https:\/\/mooden.cz\/wp-content\/uploads\/2026\/03\/obyvak_mooden15.jpg 1620w\" sizes=\"auto, (max-width: 750px) 100vw, 750px\" \/>                            <\/div>\n                        <\/a>\n\n                        <a href=\"https:\/\/mooden.cz\/en\/investment-in-interior-design-as-part-of-corporate-strategy-2-3-2\/\" aria-label=\"Investment in Interior Design as Part of Corporate Strategy\">\n                            <h2 class=\"nadpisNovinky mt-3\">Investment in Interior Design as Part of Corporate Strategy<\/h2>\n                        <\/a>\n\n\n                    <\/div>\n                <\/div>\n                            <div class=\"boxNovinky boxNovinkyCarousel pt-3\">\n                    <div class=\"novinky-kategorie mb-2\"><a href=\"https:\/\/mooden.cz\/kategorie\/ze-zivota-moodenu\/\">Ze \u017eivota Moodenu<\/a><\/div>                    <div class=\"border-1 border-top pt-3\">\n\n                        <a href=\"https:\/\/mooden.cz\/en\/investment-in-interior-design-as-part-of-corporate-strategy-2-3\/\" aria-label=\"Introduction\">\n                            <div class=\"ratio ratio-5x4 mt-0\">\n                                <img loading=\"lazy\" decoding=\"async\" width=\"500\" height=\"750\" src=\"https:\/\/mooden.cz\/wp-content\/uploads\/2025\/08\/Mooden_interier_kancelar_cofidis-7-500x750.jpg\" class=\"object-fit-cover w-100 h-100\" alt=\"\" srcset=\"https:\/\/mooden.cz\/wp-content\/uploads\/2025\/08\/Mooden_interier_kancelar_cofidis-7-500x750.jpg 500w, https:\/\/mooden.cz\/wp-content\/uploads\/2025\/08\/Mooden_interier_kancelar_cofidis-7-768x1152.jpg 768w, https:\/\/mooden.cz\/wp-content\/uploads\/2025\/08\/Mooden_interier_kancelar_cofidis-7.jpg 933w\" sizes=\"auto, (max-width: 500px) 100vw, 500px\" \/>                            <\/div>\n                        <\/a>\n\n                        <a href=\"https:\/\/mooden.cz\/en\/investment-in-interior-design-as-part-of-corporate-strategy-2-3\/\" aria-label=\"Investment in Interior Design as Part of Corporate Strategy\">\n                            <h2 class=\"nadpisNovinky mt-3\">Investment in Interior Design as Part of Corporate Strategy<\/h2>\n                        <\/a>\n\n\n                    <\/div>\n                <\/div>\n                            <div class=\"boxNovinky boxNovinkyCarousel pt-3\">\n                    <div class=\"novinky-kategorie mb-2\"><a href=\"https:\/\/mooden.cz\/en\/kategorie\/implementation\/\">Implementation<\/a><\/div>                    <div class=\"border-1 border-top pt-3\">\n\n                        <a href=\"https:\/\/mooden.cz\/en\/investment-in-interior-design-as-part-of-corporate-strategy-2-2\/\" aria-label=\"Introduction\">\n                            <div class=\"ratio ratio-5x4 mt-0\">\n                                <img loading=\"lazy\" decoding=\"async\" width=\"750\" height=\"419\" src=\"https:\/\/mooden.cz\/wp-content\/uploads\/2026\/01\/Snimek-obrazovky-2026-02-02-v-7.27.18-750x419.png\" class=\"object-fit-cover w-100 h-100\" alt=\"\" srcset=\"https:\/\/mooden.cz\/wp-content\/uploads\/2026\/01\/Snimek-obrazovky-2026-02-02-v-7.27.18-750x419.png 750w, https:\/\/mooden.cz\/wp-content\/uploads\/2026\/01\/Snimek-obrazovky-2026-02-02-v-7.27.18-1500x838.png 1500w, https:\/\/mooden.cz\/wp-content\/uploads\/2026\/01\/Snimek-obrazovky-2026-02-02-v-7.27.18-768x429.png 768w, https:\/\/mooden.cz\/wp-content\/uploads\/2026\/01\/Snimek-obrazovky-2026-02-02-v-7.27.18-1536x858.png 1536w, https:\/\/mooden.cz\/wp-content\/uploads\/2026\/01\/Snimek-obrazovky-2026-02-02-v-7.27.18-2048x1144.png 2048w, https:\/\/mooden.cz\/wp-content\/uploads\/2026\/01\/Snimek-obrazovky-2026-02-02-v-7.27.18-500x279.png 500w\" sizes=\"auto, (max-width: 750px) 100vw, 750px\" \/>                            <\/div>\n                        <\/a>\n\n                        <a href=\"https:\/\/mooden.cz\/en\/investment-in-interior-design-as-part-of-corporate-strategy-2-2\/\" aria-label=\"Investment in Interior Design as Part of Corporate Strategy\">\n                            <h2 class=\"nadpisNovinky mt-3\">Investment in Interior Design as Part of Corporate Strategy<\/h2>\n                        <\/a>\n\n\n                    <\/div>\n                <\/div>\n                            <div class=\"boxNovinky boxNovinkyCarousel pt-3\">\n                    <div class=\"novinky-kategorie mb-2\"><a href=\"https:\/\/mooden.cz\/en\/kategorie\/implementation\/\">Implementation<\/a><\/div>                    <div class=\"border-1 border-top pt-3\">\n\n                        <a href=\"https:\/\/mooden.cz\/en\/investment-in-interior-design-as-part-of-corporate-strategy-3\/\" aria-label=\"Introduction\">\n                            <div class=\"ratio ratio-5x4 mt-0\">\n                                <img loading=\"lazy\" decoding=\"async\" width=\"750\" height=\"422\" src=\"https:\/\/mooden.cz\/wp-content\/uploads\/2025\/11\/Mooden_medicinske_centrum_interier-1-750x422.jpg\" class=\"object-fit-cover w-100 h-100\" alt=\"Medic\u00ednsk\u00e9 centrum\" srcset=\"https:\/\/mooden.cz\/wp-content\/uploads\/2025\/11\/Mooden_medicinske_centrum_interier-1-750x422.jpg 750w, https:\/\/mooden.cz\/wp-content\/uploads\/2025\/11\/Mooden_medicinske_centrum_interier-1-768x432.jpg 768w, https:\/\/mooden.cz\/wp-content\/uploads\/2025\/11\/Mooden_medicinske_centrum_interier-1-500x281.jpg 500w, https:\/\/mooden.cz\/wp-content\/uploads\/2025\/11\/Mooden_medicinske_centrum_interier-1.jpg 1500w\" sizes=\"auto, (max-width: 750px) 100vw, 750px\" \/>                            <\/div>\n                        <\/a>\n\n                        <a href=\"https:\/\/mooden.cz\/en\/investment-in-interior-design-as-part-of-corporate-strategy-3\/\" aria-label=\"Investment in Interior Design as Part of Corporate Strategy\">\n                            <h2 class=\"nadpisNovinky mt-3\">Investment in Interior Design as Part of Corporate Strategy<\/h2>\n                        <\/a>\n\n\n                    <\/div>\n                <\/div>\n                            <div class=\"boxNovinky boxNovinkyCarousel pt-3\">\n                    <div class=\"novinky-kategorie mb-2\"><a href=\"https:\/\/mooden.cz\/en\/kategorie\/implementation\/\">Implementation<\/a><\/div>                    <div class=\"border-1 border-top pt-3\">\n\n                        <a href=\"https:\/\/mooden.cz\/en\/investment-in-interior-design-as-part-of-corporate-strategy-2\/\" aria-label=\"Introduction\">\n                            <div class=\"ratio ratio-5x4 mt-0\">\n                                <img loading=\"lazy\" decoding=\"async\" width=\"750\" height=\"421\" src=\"https:\/\/mooden.cz\/wp-content\/uploads\/2024\/10\/prostorny-jidelni-kout-e1665559783102-750x421.png\" class=\"object-fit-cover w-100 h-100\" alt=\"\" srcset=\"https:\/\/mooden.cz\/wp-content\/uploads\/2024\/10\/prostorny-jidelni-kout-e1665559783102-750x421.png 750w, https:\/\/mooden.cz\/wp-content\/uploads\/2024\/10\/prostorny-jidelni-kout-e1665559783102-1500x841.png 1500w, https:\/\/mooden.cz\/wp-content\/uploads\/2024\/10\/prostorny-jidelni-kout-e1665559783102-768x431.png 768w, https:\/\/mooden.cz\/wp-content\/uploads\/2024\/10\/prostorny-jidelni-kout-e1665559783102-1536x862.png 1536w, https:\/\/mooden.cz\/wp-content\/uploads\/2024\/10\/prostorny-jidelni-kout-e1665559783102-500x280.png 500w, https:\/\/mooden.cz\/wp-content\/uploads\/2024\/10\/prostorny-jidelni-kout-e1665559783102.png 1699w\" sizes=\"auto, (max-width: 750px) 100vw, 750px\" \/>                            <\/div>\n                        <\/a>\n\n                        <a href=\"https:\/\/mooden.cz\/en\/investment-in-interior-design-as-part-of-corporate-strategy-2\/\" aria-label=\"Investment in Interior Design as Part of Corporate Strategy\">\n                            <h2 class=\"nadpisNovinky mt-3\">Investment in Interior Design as Part of Corporate Strategy<\/h2>\n                        <\/a>\n\n\n                    <\/div>\n                <\/div>\n                    <\/div>\n        <div id=\"sliderInfo\" class=\"text-center\"><\/div>\n    <\/div>\n<\/div>\n","protected":false},"excerpt":{"rendered":"<p>We are\u2028Mooden A team of experienced interior designers who continuously educate themselves in current trends and innovations in design to&#8230;<\/p>\n","protected":false},"author":1,"featured_media":0,"parent":0,"menu_order":0,"comment_status":"closed","ping_status":"closed","template":"","meta":{"_acf_changed":false,"inline_featured_image":false,"footnotes":""},"class_list":["post-5478","page","type-page","status-publish","hentry"],"acf":[],"_links":{"self":[{"href":"https:\/\/mooden.cz\/en\/wp-json\/wp\/v2\/pages\/5478","targetHints":{"allow":["GET"]}}],"collection":[{"href":"https:\/\/mooden.cz\/en\/wp-json\/wp\/v2\/pages"}],"about":[{"href":"https:\/\/mooden.cz\/en\/wp-json\/wp\/v2\/types\/page"}],"author":[{"embeddable":true,"href":"https:\/\/mooden.cz\/en\/wp-json\/wp\/v2\/users\/1"}],"replies":[{"embeddable":true,"href":"https:\/\/mooden.cz\/en\/wp-json\/wp\/v2\/comments?post=5478"}],"version-history":[{"count":3,"href":"https:\/\/mooden.cz\/en\/wp-json\/wp\/v2\/pages\/5478\/revisions"}],"predecessor-version":[{"id":5492,"href":"https:\/\/mooden.cz\/en\/wp-json\/wp\/v2\/pages\/5478\/revisions\/5492"}],"wp:attachment":[{"href":"https:\/\/mooden.cz\/en\/wp-json\/wp\/v2\/media?parent=5478"}],"curies":[{"name":"wp","href":"https:\/\/api.w.org\/{rel}","templated":true}]}}