{"id":6182,"date":"2026-04-29T15:48:40","date_gmt":"2026-04-29T13:48:40","guid":{"rendered":"https:\/\/mooden.cz\/?post_type=reference&#038;p=6182"},"modified":"2026-04-29T15:48:40","modified_gmt":"2026-04-29T13:48:40","slug":"safetica-4","status":"publish","type":"reference","link":"https:\/\/mooden.cz\/en\/reference\/safetica-4\/","title":{"rendered":"Safetica"},"content":{"rendered":"\n<div style=\"height:4.45rem\" aria-hidden=\"true\" class=\"wp-block-spacer\"><\/div>\n\n<div class=\"wp-block-columns is-layout-flex wp-container-core-columns-is-layout-28f84493 wp-block-columns-is-layout-flex\">\n<div class=\"wp-block-column is-layout-flow wp-block-column-is-layout-flow\" style=\"flex-basis:66.66%\">\n<figure class=\"wp-block-image size-large\"><img loading=\"lazy\" decoding=\"async\" width=\"1500\" height=\"840\" src=\"https:\/\/mooden.cz\/wp-content\/uploads\/2026\/03\/safetica7-1500x840.png\" alt=\"\" class=\"wp-image-5993\" srcset=\"https:\/\/mooden.cz\/wp-content\/uploads\/2026\/03\/safetica7-1500x840.png 1500w, https:\/\/mooden.cz\/wp-content\/uploads\/2026\/03\/safetica7-750x420.png 750w, https:\/\/mooden.cz\/wp-content\/uploads\/2026\/03\/safetica7-768x430.png 768w, https:\/\/mooden.cz\/wp-content\/uploads\/2026\/03\/safetica7-1536x860.png 1536w, https:\/\/mooden.cz\/wp-content\/uploads\/2026\/03\/safetica7-500x280.png 500w, https:\/\/mooden.cz\/wp-content\/uploads\/2026\/03\/safetica7.png 1590w\" sizes=\"auto, (max-width: 1500px) 100vw, 1500px\" \/><\/figure>\n\n\n\n<div class=\"wp-block-columns is-layout-flex wp-container-core-columns-is-layout-9c22b1e3 wp-block-columns-is-layout-flex\">\n<div class=\"wp-block-column is-layout-flow wp-block-column-is-layout-flow\" style=\"flex-basis:160px\"><\/div>\n\n\n\n<div class=\"wp-block-column is-layout-flow wp-block-column-is-layout-flow\">\n<figure class=\"wp-block-image size-large\"><img loading=\"lazy\" decoding=\"async\" width=\"1500\" height=\"938\" src=\"https:\/\/mooden.cz\/wp-content\/uploads\/2024\/10\/image-4-1500x938.jpg\" alt=\"\" class=\"wp-image-2984\" style=\"object-fit:cover\" srcset=\"https:\/\/mooden.cz\/wp-content\/uploads\/2024\/10\/image-4-1500x938.jpg 1500w, https:\/\/mooden.cz\/wp-content\/uploads\/2024\/10\/image-4-750x469.jpg 750w, https:\/\/mooden.cz\/wp-content\/uploads\/2024\/10\/image-4-768x480.jpg 768w, https:\/\/mooden.cz\/wp-content\/uploads\/2024\/10\/image-4-1536x961.jpg 1536w, https:\/\/mooden.cz\/wp-content\/uploads\/2024\/10\/image-4-500x313.jpg 500w, https:\/\/mooden.cz\/wp-content\/uploads\/2024\/10\/image-4.jpg 1696w\" sizes=\"auto, (max-width: 1500px) 100vw, 1500px\" \/><\/figure>\n\n\n\n<p class=\"wp-block-paragraph\"><\/p>\n<\/div>\n<\/div>\n<\/div>\n\n\n\n<div class=\"wp-block-column is-layout-flow wp-block-column-is-layout-flow\" style=\"flex-basis:33.33%\">\n<p class=\"has-black-color has-text-color has-link-color has-medium-font-size wp-elements-8a9a708e54930269c4f616a76b7ff261\" class=\"wp-block-paragraph\"><strong><em>Pro technologickou spole\u010dnost jsme navrhli nov\u00e9 kancel\u00e1\u0159e pro p\u0159ibli\u017en\u011b 130 lid\u00ed<\/em>.<\/strong><\/p>\n\n\n\n<p class=\"wp-block-paragraph\"><em>C\u00edlem bylo vytvo\u0159it pracovn\u00ed prost\u0159ed\u00ed, kter\u00e9 podpo\u0159\u00ed soust\u0159ed\u011bn\u00ed, t\u00fdmovou spolupr\u00e1ci i ka\u017edodenn\u00ed komfort zam\u011bstnanc\u016f, a z\u00e1rove\u0148 prom\u00edtne firemn\u00ed identitu do prostoru.<\/em><\/p>\n\n\n\n<p class=\"wp-block-paragraph\"><em><strong>Poj\u010fme si spole\u010dn\u011b uk\u00e1zat, jak se v\u0161e povedlo.<\/strong><\/em><\/p>\n\n\n\n<figure class=\"wp-block-image size-large\" style=\"margin-top:var(--wp--preset--spacing--gap-normal)\"><img loading=\"lazy\" decoding=\"async\" width=\"101\" height=\"101\" src=\"https:\/\/mooden.cz\/wp-content\/uploads\/2025\/08\/sipka.svg\" alt=\"arrow&#10;\" class=\"wp-image-716\"\/><\/figure>\n\n\n\n<figure class=\"wp-block-image size-full\" style=\"margin-top:var(--wp--preset--spacing--gap-small)\"><img loading=\"lazy\" decoding=\"async\" width=\"890\" height=\"820\" src=\"https:\/\/mooden.cz\/wp-content\/uploads\/2026\/03\/safetica2.png\" alt=\"\" class=\"wp-image-5992\" srcset=\"https:\/\/mooden.cz\/wp-content\/uploads\/2026\/03\/safetica2.png 890w, https:\/\/mooden.cz\/wp-content\/uploads\/2026\/03\/safetica2-750x691.png 750w, https:\/\/mooden.cz\/wp-content\/uploads\/2026\/03\/safetica2-768x708.png 768w, https:\/\/mooden.cz\/wp-content\/uploads\/2026\/03\/safetica2-500x461.png 500w\" sizes=\"auto, (max-width: 890px) 100vw, 890px\" \/><\/figure>\n\n\n\n<div class=\"wp-block-buttons is-layout-flex wp-block-buttons-is-layout-flex\">\n<div class=\"wp-block-button\"><a class=\"wp-block-button__link wp-element-button\" href=\"https:\/\/mooden.cz\/en\/contact\/\"><strong>Poptejte \u0159e\u0161en\u00ed pro va\u0161i kancel\u00e1\u0159<\/strong><\/a><\/div>\n<\/div>\n<\/div>\n<\/div>\n\n<div style=\"height:4.45rem\" aria-hidden=\"true\" class=\"wp-block-spacer\"><\/div>\n\n<div class=\"wp-block-group is-layout-constrained wp-block-group-is-layout-constrained\">\n<div class=\"wp-block-columns is-layout-flex wp-container-core-columns-is-layout-28f84493 wp-block-columns-is-layout-flex\">\n<div class=\"wp-block-column is-layout-flow wp-block-column-is-layout-flow\" style=\"flex-basis:60%\">\n<h2 class=\"wp-block-heading sipkaEnd\">Zad\u00e1n\u00ed <br\/>a v\u00fdzva n\u00e1vrhu<\/h2>\n\n\n\n<p class=\"odsazeniTextu mt-35\" class=\"wp-block-paragraph\">Zad\u00e1n\u00edm bylo navrhnout nov\u00e9 kancel\u00e1\u0159e, kter\u00e9 budou reagovat na aktu\u00e1ln\u00ed pot\u0159eby firmy a umo\u017en\u00ed jej\u00ed dal\u0161\u00ed rozvoj.<br\/><br\/><strong>Zad\u00e1n\u00ed klienta:\u00a0<\/strong><br\/>&#8211; efektivn\u00ed vyu\u017eit\u00ed plochy 1 300 m\u00b2,<br\/>\u2013 akustick\u00fd komfort,<br\/>\u2013 p\u0159irozen\u00e9 sv\u011btlo,<br\/>\u2013 interi\u00e9rov\u00e9 prvky v barv\u00e1ch vizu\u00e1ln\u00ed identity firmy, <br\/>&#8211; ergonomie.<br\/><br\/>Na\u0161\u00ed rol\u00ed bylo navrhnout kompletn\u00ed spaceplan, vytvo\u0159it design interi\u00e9ru v\u010detn\u011b vizu\u00e1ln\u00edho konceptu, p\u0159ipravit podklady pro realizaci a koordinovat n\u00e1vrh s v\u00fdrobci a realiza\u010dn\u00edm partnerem projektu, <a href=\"https:\/\/www.drevodilo.cz\" target=\"_blank\" rel=\"noopener\">spole\u010dnost\u00ed D\u0159evod\u00edlo<\/a>.<\/p>\n<\/div>\n\n\n\n<div class=\"wp-block-column is-layout-flow wp-block-column-is-layout-flow\" style=\"flex-basis:40%\">\n<figure class=\"wp-block-image size-full\"><img loading=\"lazy\" decoding=\"async\" width=\"620\" height=\"764\" src=\"https:\/\/mooden.cz\/wp-content\/uploads\/2026\/03\/safetica10.png\" alt=\"\" class=\"wp-image-5994\" srcset=\"https:\/\/mooden.cz\/wp-content\/uploads\/2026\/03\/safetica10.png 620w, https:\/\/mooden.cz\/wp-content\/uploads\/2026\/03\/safetica10-609x750.png 609w, https:\/\/mooden.cz\/wp-content\/uploads\/2026\/03\/safetica10-500x616.png 500w\" sizes=\"auto, (max-width: 620px) 100vw, 620px\" \/><\/figure>\n<\/div>\n<\/div>\n<\/div>\n\n<div class=\"wp-block-buttons is-content-justification-center is-layout-flex wp-container-core-buttons-is-layout-a89b3969 wp-block-buttons-is-layout-flex\"><\/div>\n\n<div style=\"height:53px\" aria-hidden=\"true\" class=\"wp-block-spacer\"><\/div>\n\n    <div class=\"blockCTA row mb-4 g-0\">\n\n        <div class=\"col-md-5\">\n            <img loading=\"lazy\" decoding=\"async\" width=\"1500\" height=\"1185\" src=\"https:\/\/mooden.cz\/wp-content\/uploads\/2024\/10\/7-2-scaled-e1774014364780-1500x1185.jpg\" class=\"object-fit-cover w-100 h-100\" alt=\"\" srcset=\"https:\/\/mooden.cz\/wp-content\/uploads\/2024\/10\/7-2-scaled-e1774014364780-1500x1185.jpg 1500w, https:\/\/mooden.cz\/wp-content\/uploads\/2024\/10\/7-2-scaled-e1774014364780-750x592.jpg 750w, https:\/\/mooden.cz\/wp-content\/uploads\/2024\/10\/7-2-scaled-e1774014364780-768x606.jpg 768w, https:\/\/mooden.cz\/wp-content\/uploads\/2024\/10\/7-2-scaled-e1774014364780-1536x1213.jpg 1536w, https:\/\/mooden.cz\/wp-content\/uploads\/2024\/10\/7-2-scaled-e1774014364780-500x395.jpg 500w, https:\/\/mooden.cz\/wp-content\/uploads\/2024\/10\/7-2-scaled-e1774014364780.jpg 1707w\" sizes=\"auto, (max-width: 1500px) 100vw, 1500px\" \/>        <\/div>\n        <div class=\"col-md-7 bg-primary boxNewslettru vlastniCta\">\n            <h2>R\u00e1di s v\u00e1mi probereme va\u0161e budouc\u00ed kancel\u00e1\u0159e<\/h2>\n            <div class=\"row g-3 justify-content-end\">\n                <div class=\"col-xl-9\">\n                    <div class=\"my-4\"><p class=\"wp-block-paragraph\">Pom\u016f\u017eeme v\u00e1m vytvo\u0159it interi\u00e9r, kter\u00fd propojuje funkci, estetiku i ka\u017edodenn\u00ed provoz.<\/p>\n<\/div><a href=\"https:\/\/mooden.cz\/kontakt\/\" class=\"btn btn-outline-primary btnSipkaKolma\">Kontakt<\/a><\/div>\n            <\/div>\n\n\n\n        <\/div>\n    <\/div>\n\n\n\n\n<div style=\"height:4.45rem\" aria-hidden=\"true\" class=\"wp-block-spacer\"><\/div>\n\n<div class=\"wp-block-columns alignfull are-vertically-aligned-center is-layout-flex wp-container-core-columns-is-layout-90493e18 wp-block-columns-is-layout-flex\" style=\"margin-top:0px;margin-bottom:0px;padding-top:0px;padding-right:166px;padding-bottom:0px;padding-left:166px\">\n<div class=\"wp-block-column is-vertically-aligned-center is-layout-flow wp-block-column-is-layout-flow\">\n<h2 class=\"wp-block-heading\">P\u0159\u00edpravn\u00e9 pr\u00e1ce<br\/>a spole\u010dn\u00e9 dialogy<\/h2>\n\n\n\n<p class=\"wp-block-paragraph\">V \u00favodn\u00ed f\u00e1zi jsme detailn\u011b <strong>mapovali specifick\u00e9 pot\u0159eby klienta<\/strong> \u2014 od struktury t\u00fdm\u016f a jejich fungov\u00e1n\u00ed, p\u0159es po\u017eadavky na vybaven\u00ed kancel\u00e1\u0159\u00ed a\u017e po provozn\u00ed logistiku, firemn\u00ed kulturu a zp\u016fsob komunikace. Tyto vstupy se staly kl\u00ed\u010dov\u00fdm podkladem pro n\u00e1vrh \u0159e\u0161en\u00ed.<\/p>\n\n\n\n<h2 class=\"wp-block-heading\">Spaceplan, <br\/>z\u00e1klad cel\u00e9ho n\u00e1vrhu<\/h2>\n\n\n\n<p class=\"wp-block-paragraph\">Na analytickou f\u00e1zi nav\u00e1zala tvorba spaceplanu, kter\u00fd <strong>definoval logiku cel\u00e9ho prostoru<\/strong>. Ten jsme rozd\u011blili na funk\u010dn\u00ed z\u00f3ny a ve spolupr\u00e1ci s klientem je d\u00e1le zp\u0159es\u0148ovali tak, aby odpov\u00eddaly re\u00e1ln\u00e9mu provozu. V\u00fdsledkem je \u0159e\u0161en\u00ed na m\u00edru, kde jednotliv\u00e9 \u010d\u00e1sti p\u0159irozen\u011b navazuj\u00ed a podporuj\u00ed ka\u017edodenn\u00ed pracovn\u00ed rytmus.<\/p>\n\n\n\n<p class=\"wp-block-paragraph\"><strong>Prostor o v\u00fdm\u011b\u0159e t\u00e9m\u011b\u0159 1300 m\u00b2 jsme rozd\u011blili do p\u011bti z\u00e1kladn\u00edch funk\u010dn\u00edch z\u00f3n:<\/strong><\/p>\n\n\n\n<ul class=\"wp-block-list\">\n<li>kancel\u00e1\u0159sk\u00e1 z\u00f3na<\/li>\n\n\n\n<li>spole\u010densk\u00e1 z\u00f3na<\/li>\n\n\n\n<li>relaxa\u010dn\u00ed z\u00f3na v\u010detn\u011b firemn\u00ed kuchy\u0148ky<\/li>\n\n\n\n<li>z\u00e1zem\u00ed pro zam\u011bstnance<\/li>\n\n\n\n<li>telefonn\u00ed boxy<br\/><br\/>Jednotliv\u00e9 \u010d\u00e1sti na sebe p\u0159irozen\u011b navazuj\u00ed a podporuj\u00ed rytmus pracovn\u00edho dne \u2013 od soust\u0159ed\u011bn\u00e9 pr\u00e1ce a\u017e po neform\u00e1ln\u00ed setk\u00e1v\u00e1n\u00ed a odpo\u010dinek.<\/li>\n<\/ul>\n<\/div>\n\n\n\n<div class=\"wp-block-column is-vertically-aligned-center is-layout-flow wp-block-column-is-layout-flow\">\n<figure class=\"wp-block-image size-full imgPrekryti\"><img loading=\"lazy\" decoding=\"async\" width=\"992\" height=\"1322\" src=\"https:\/\/mooden.cz\/wp-content\/uploads\/2026\/03\/safetica3-edited.png\" alt=\"\" class=\"wp-image-6062\" style=\"aspect-ratio:2\/3;object-fit:cover\" srcset=\"https:\/\/mooden.cz\/wp-content\/uploads\/2026\/03\/safetica3-edited.png 992w, https:\/\/mooden.cz\/wp-content\/uploads\/2026\/03\/safetica3-edited-563x750.png 563w, https:\/\/mooden.cz\/wp-content\/uploads\/2026\/03\/safetica3-edited-768x1023.png 768w, https:\/\/mooden.cz\/wp-content\/uploads\/2026\/03\/safetica3-edited-500x666.png 500w\" sizes=\"auto, (max-width: 992px) 100vw, 992px\" \/><\/figure>\n<\/div>\n<\/div>\n\n<div style=\"height:var(--wp--preset--spacing--gap-normal)\" aria-hidden=\"true\" class=\"wp-block-spacer\"><\/div>\n\n<div class=\"wp-block-group alignfull is-layout-constrained wp-block-group-is-layout-constrained\" style=\"margin-top:0;margin-bottom:0\">\n<div style=\"height:var(--wp--preset--spacing--20)\" aria-hidden=\"true\" class=\"wp-block-spacer\"><\/div>\n\n\n\n<div class=\"wp-block-group alignwide is-layout-constrained wp-block-group-is-layout-constrained\">\n<div class=\"wp-block-columns alignwide are-vertically-aligned-center is-layout-flex wp-container-core-columns-is-layout-92f4ad82 wp-block-columns-is-layout-flex\" style=\"padding-right:67px;padding-left:67px\">\n<div class=\"wp-block-column is-vertically-aligned-center is-content-justification-center is-layout-constrained wp-container-core-column-is-layout-938a57f1 wp-block-column-is-layout-constrained\">\n<h2 class=\"wp-block-heading has-text-align-left\">Design <br\/>a identita zna\u010dky<\/h2>\n<\/div>\n\n\n\n<div class=\"wp-block-column is-vertically-aligned-center is-layout-flow wp-block-column-is-layout-flow\" style=\"flex-basis:40%\">\n<p style=\"padding-top:0px;padding-right:0px;padding-bottom:0px;padding-left:0px\" class=\"wp-block-paragraph\">Vizu\u00e1ln\u00ed koncept interi\u00e9ru vych\u00e1z\u00ed z identity spole\u010dnosti Safetica. Z\u00e1klad tvo\u0159\u00ed sv\u011btl\u00e9 a <strong>neutr\u00e1ln\u00ed t\u00f3ny dopln\u011bn\u00e9 o akcenty modr\u00e9<\/strong>, kter\u00e9 se propisuj\u00ed do \u010daloun\u011bn\u00ed, grafick\u00fdch prvk\u016f i detail\u016f interi\u00e9ru.<br\/><br\/>P\u0159\u00edrodn\u00ed dekor <strong>b\u0159ezov\u00e9 p\u0159ekli\u017eky<\/strong> prostor z\u00fatul\u0148uje a dod\u00e1v\u00e1 mu lidsk\u00fd rozm\u011br. V relaxa\u010dn\u00edch z\u00f3n\u00e1ch jsme pracovali s <strong>v\u00fdrazn\u011bj\u0161\u00ed barevnost\u00ed<\/strong>, kter\u00e1 podporuje uvoln\u011bn\u011bj\u0161\u00ed atmosf\u00e9ru t\u011bchto \u010d\u00e1st\u00ed.<\/p>\n\n\n\n<p class=\"wp-block-paragraph\">D\u016fle\u017eitou roli hraj\u00ed tak\u00e9 <strong>d\u011bl\u00edc\u00ed prvky<\/strong>, kter\u00e9 krom\u011b funkce \u010dlen\u011bn\u00ed prostoru slou\u017e\u00ed jako <strong>\u00falo\u017en\u00e9 syst\u00e9my a z\u00e1rove\u0148 integruj\u00ed zele\u0148<\/strong> jako p\u0159irozenou sou\u010d\u00e1st interi\u00e9ru.<\/p>\n<\/div>\n<\/div>\n\n\n\n<div style=\"height:0.44rem;width:0px\" aria-hidden=\"true\" class=\"wp-block-spacer\"><\/div>\n<\/div>\n\n\n\n<div class=\"wp-block-buttons is-content-justification-center is-layout-flex wp-container-core-buttons-is-layout-a89b3969 wp-block-buttons-is-layout-flex\">\n<div class=\"wp-block-button\"><a class=\"wp-block-button__link has-text-align-center wp-element-button\" href=\"https:\/\/mooden.cz\/en\/contact\/\"><strong>Vytvo\u0159me spolu kancel\u00e1\u0159e, kter\u00e9 funguj\u00ed<\/strong><\/a><\/div>\n<\/div>\n\n\n\n<div style=\"height:var(--wp--preset--spacing--20)\" aria-hidden=\"true\" class=\"wp-block-spacer\"><\/div>\n<\/div>\n\n<div class=\"wp-block-columns are-vertically-aligned-center is-layout-flex wp-container-core-columns-is-layout-4f31027f wp-block-columns-is-layout-flex\" style=\"padding-right:177px;padding-left:177px\">\n<div class=\"wp-block-column is-vertically-aligned-center is-layout-flow wp-block-column-is-layout-flow\">\n    <div class=\"galerieCtvercova row mb-4 g-3\">\n\n                    <div class=\"col-md-6 col-6 boxFotkyGal animZoom\">\n                <a href=\"https:\/\/mooden.cz\/wp-content\/uploads\/2024\/10\/image_1.jpg\" class=\"glightbox\">\n                    <div class=\"ratio \">\n                        <img loading=\"lazy\" decoding=\"async\" width=\"1180\" height=\"755\" src=\"https:\/\/mooden.cz\/wp-content\/uploads\/2024\/10\/image_1.jpg\" class=\"w-100 h-100 object-fit-cover\" alt=\"\" srcset=\"https:\/\/mooden.cz\/wp-content\/uploads\/2024\/10\/image_1.jpg 1180w, https:\/\/mooden.cz\/wp-content\/uploads\/2024\/10\/image_1-750x480.jpg 750w, https:\/\/mooden.cz\/wp-content\/uploads\/2024\/10\/image_1-768x491.jpg 768w, https:\/\/mooden.cz\/wp-content\/uploads\/2024\/10\/image_1-500x320.jpg 500w\" sizes=\"auto, (max-width: 1180px) 100vw, 1180px\" \/>                    <\/div>\n                <\/a>\n\n                <div class=\"popisFotkyGal\">Kuchy\u0148ka<\/div>\n            <\/div>\n                    <div class=\"col-md-6 col-6 boxFotkyGal animZoom\">\n                <a href=\"https:\/\/mooden.cz\/wp-content\/uploads\/2024\/10\/image_2.jpg\" class=\"glightbox\">\n                    <div class=\"ratio \">\n                        <img loading=\"lazy\" decoding=\"async\" width=\"1180\" height=\"755\" src=\"https:\/\/mooden.cz\/wp-content\/uploads\/2024\/10\/image_2.jpg\" class=\"w-100 h-100 object-fit-cover\" alt=\"\" srcset=\"https:\/\/mooden.cz\/wp-content\/uploads\/2024\/10\/image_2.jpg 1180w, https:\/\/mooden.cz\/wp-content\/uploads\/2024\/10\/image_2-750x480.jpg 750w, https:\/\/mooden.cz\/wp-content\/uploads\/2024\/10\/image_2-768x491.jpg 768w, https:\/\/mooden.cz\/wp-content\/uploads\/2024\/10\/image_2-500x320.jpg 500w\" sizes=\"auto, (max-width: 1180px) 100vw, 1180px\" \/>                    <\/div>\n                <\/a>\n\n                <div class=\"popisFotkyGal\">Mana\u017eersk\u00e1 kancel\u00e1\u0159<\/div>\n            <\/div>\n                    <div class=\"col-md-6 col-6 boxFotkyGal animZoom\">\n                <a href=\"https:\/\/mooden.cz\/wp-content\/uploads\/2024\/10\/image_3.jpg\" class=\"glightbox\">\n                    <div class=\"ratio \">\n                        <img loading=\"lazy\" decoding=\"async\" width=\"1180\" height=\"755\" src=\"https:\/\/mooden.cz\/wp-content\/uploads\/2024\/10\/image_3.jpg\" class=\"w-100 h-100 object-fit-cover\" alt=\"\" srcset=\"https:\/\/mooden.cz\/wp-content\/uploads\/2024\/10\/image_3.jpg 1180w, https:\/\/mooden.cz\/wp-content\/uploads\/2024\/10\/image_3-750x480.jpg 750w, https:\/\/mooden.cz\/wp-content\/uploads\/2024\/10\/image_3-768x491.jpg 768w, https:\/\/mooden.cz\/wp-content\/uploads\/2024\/10\/image_3-500x320.jpg 500w\" sizes=\"auto, (max-width: 1180px) 100vw, 1180px\" \/>                    <\/div>\n                <\/a>\n\n                <div class=\"popisFotkyGal\">N\u00e1vrh pracovn\u00edch m\u00edst<\/div>\n            <\/div>\n                    <div class=\"col-md-6 col-6 boxFotkyGal animZoom\">\n                <a href=\"https:\/\/mooden.cz\/wp-content\/uploads\/2024\/10\/image-1.jpg\" class=\"glightbox\">\n                    <div class=\"ratio \">\n                        <img loading=\"lazy\" decoding=\"async\" width=\"1500\" height=\"945\" src=\"https:\/\/mooden.cz\/wp-content\/uploads\/2024\/10\/image-1-1500x945.jpg\" class=\"w-100 h-100 object-fit-cover\" alt=\"\" srcset=\"https:\/\/mooden.cz\/wp-content\/uploads\/2024\/10\/image-1-1500x945.jpg 1500w, https:\/\/mooden.cz\/wp-content\/uploads\/2024\/10\/image-1-750x473.jpg 750w, https:\/\/mooden.cz\/wp-content\/uploads\/2024\/10\/image-1-768x484.jpg 768w, https:\/\/mooden.cz\/wp-content\/uploads\/2024\/10\/image-1-1536x968.jpg 1536w, https:\/\/mooden.cz\/wp-content\/uploads\/2024\/10\/image-1-500x315.jpg 500w, https:\/\/mooden.cz\/wp-content\/uploads\/2024\/10\/image-1.jpg 1903w\" sizes=\"auto, (max-width: 1500px) 100vw, 1500px\" \/>                    <\/div>\n                <\/a>\n\n                <div class=\"popisFotkyGal\">Pracovi\u0161t\u011b analytik\u016f<\/div>\n            <\/div>\n        \n    <\/div>\n\n<\/div>\n<\/div>\n\n<div class=\"wp-block-buttons is-content-justification-center is-layout-flex wp-container-core-buttons-is-layout-a89b3969 wp-block-buttons-is-layout-flex\">\n<div class=\"wp-block-button\"><a class=\"wp-block-button__link has-text-align-center wp-element-button\" href=\"https:\/\/mooden.cz\/en\/contact\/\"><strong>Nez\u00e1vazn\u00e1 konzultace va\u0161eho projektu<\/strong><\/a><\/div>\n<\/div>\n\n<div style=\"height:4.45rem\" aria-hidden=\"true\" class=\"wp-block-spacer\"><\/div>\n\n<div class=\"wp-block-group is-layout-constrained wp-block-group-is-layout-constrained\">\n<div class=\"wp-block-columns is-layout-flex wp-container-core-columns-is-layout-28f84493 wp-block-columns-is-layout-flex\">\n<div class=\"wp-block-column is-layout-flow wp-block-column-is-layout-flow\" style=\"flex-basis:60%\">\n<h2 class=\"wp-block-heading sipkaEnd\">Akustika <br\/>a ergonomie <\/h2>\n\n\n\n<p class=\"odsazeniTextu mt-35\" class=\"wp-block-paragraph\">Velk\u00fd d\u016fraz jsme kladli na kvalitu pracovn\u00edho prost\u0159ed\u00ed. Prostor proto kombinuje n\u011bkolik vrstev \u0159e\u0161en\u00ed:<br\/>&#8211; ergonomick\u00e1 m\u00edsta s <strong>v\u00fd\u0161kov\u011b nastaviteln\u00fdmi stoly<\/strong>,<br\/>&#8211; <strong>akustick\u00e9 prvky<\/strong> a d\u011bl\u00edc\u00ed st\u011bny pro sn\u00ed\u017een\u00ed hluku,<br\/>&#8211; <strong>telefonn\u00ed boxy<\/strong> pro neru\u0161en\u00e9 hovory.<br\/><br\/>Sou\u010d\u00e1st\u00ed n\u00e1vrhu jsou tak\u00e9 <strong>relaxa\u010dn\u00ed z\u00f3ny a firemn\u00ed kuchy\u0148ka<\/strong>, kter\u00e9 podporuj\u00ed neform\u00e1ln\u00ed setk\u00e1v\u00e1n\u00ed i regeneraci b\u011bhem pracovn\u00edho dne.<\/p>\n<\/div>\n\n\n\n<div class=\"wp-block-column is-layout-flow wp-block-column-is-layout-flow\" style=\"flex-basis:40%\">\n<figure class=\"wp-block-image size-full\"><img loading=\"lazy\" decoding=\"async\" width=\"978\" height=\"1360\" src=\"https:\/\/mooden.cz\/wp-content\/uploads\/2026\/03\/Snimek-obrazovky-2026-03-18-v-13.45.32.png\" alt=\"\" class=\"wp-image-6002\" srcset=\"https:\/\/mooden.cz\/wp-content\/uploads\/2026\/03\/Snimek-obrazovky-2026-03-18-v-13.45.32.png 978w, https:\/\/mooden.cz\/wp-content\/uploads\/2026\/03\/Snimek-obrazovky-2026-03-18-v-13.45.32-539x750.png 539w, https:\/\/mooden.cz\/wp-content\/uploads\/2026\/03\/Snimek-obrazovky-2026-03-18-v-13.45.32-768x1068.png 768w, https:\/\/mooden.cz\/wp-content\/uploads\/2026\/03\/Snimek-obrazovky-2026-03-18-v-13.45.32-500x695.png 500w\" sizes=\"auto, (max-width: 978px) 100vw, 978px\" \/><\/figure>\n<\/div>\n<\/div>\n<\/div>\n\n<div class=\"wp-block-columns alignwide are-vertically-aligned-top is-layout-flex wp-container-core-columns-is-layout-08c01c1c wp-block-columns-is-layout-flex\">\n<div class=\"wp-block-column is-vertically-aligned-top is-layout-flow wp-block-column-is-layout-flow\">\n<div class=\"wp-block-group wp-container-content-231d8afb is-vertical is-content-justification-left is-nowrap is-layout-flex wp-container-core-group-is-layout-d439c89b wp-block-group-is-layout-flex\" style=\"margin-top:0;margin-bottom:0\">\n<figure class=\"wp-block-image size-full wp-container-content-0733e5d0\"><img loading=\"lazy\" decoding=\"async\" width=\"984\" height=\"1358\" src=\"https:\/\/mooden.cz\/wp-content\/uploads\/2026\/03\/kuchyne1.png\" alt=\"\" class=\"wp-image-6003\" srcset=\"https:\/\/mooden.cz\/wp-content\/uploads\/2026\/03\/kuchyne1.png 984w, https:\/\/mooden.cz\/wp-content\/uploads\/2026\/03\/kuchyne1-543x750.png 543w, https:\/\/mooden.cz\/wp-content\/uploads\/2026\/03\/kuchyne1-768x1060.png 768w, https:\/\/mooden.cz\/wp-content\/uploads\/2026\/03\/kuchyne1-500x690.png 500w\" sizes=\"auto, (max-width: 984px) 100vw, 984px\" \/><\/figure>\n\n\n\n<div class=\"wp-block-group is-vertical is-nowrap is-layout-flex wp-container-core-group-is-layout-5280e479 wp-block-group-is-layout-flex\">\n<p class=\"has-medium-font-size\" class=\"wp-block-paragraph\"><strong>Kuchy\u0148ka v neutr\u00e1ln\u00edch barv\u00e1ch<\/strong><\/p>\n\n\n\n<p class=\"has-small-font-size\" class=\"wp-block-paragraph\"><\/p>\n<\/div>\n<\/div>\n<\/div>\n\n\n\n<div class=\"wp-block-column is-vertically-aligned-top is-layout-flow wp-block-column-is-layout-flow\">\n<div class=\"wp-block-group wp-container-content-231d8afb is-vertical is-layout-flex wp-container-core-group-is-layout-05b43539 wp-block-group-is-layout-flex\" style=\"margin-top:0;margin-bottom:0\">\n<div class=\"wp-block-group is-vertical is-nowrap is-layout-flex wp-container-core-group-is-layout-5280e479 wp-block-group-is-layout-flex\">\n<div style=\"height:0px\" aria-hidden=\"true\" class=\"wp-block-spacer wp-container-content-f96796aa\"><\/div>\n\n\n\n<p class=\"has-medium-font-size\" class=\"wp-block-paragraph\"><strong>Relaxa\u010dn\u00ed z\u00f3na pro individu\u00e1ln\u00ed odpo\u010dinek<\/strong><\/p>\n<\/div>\n\n\n\n<figure class=\"wp-block-image size-full\" style=\"font-size:14px\"><img loading=\"lazy\" decoding=\"async\" width=\"1068\" height=\"1360\" src=\"https:\/\/mooden.cz\/wp-content\/uploads\/2026\/03\/relax1.png\" alt=\"\" class=\"wp-image-6004\" srcset=\"https:\/\/mooden.cz\/wp-content\/uploads\/2026\/03\/relax1.png 1068w, https:\/\/mooden.cz\/wp-content\/uploads\/2026\/03\/relax1-589x750.png 589w, https:\/\/mooden.cz\/wp-content\/uploads\/2026\/03\/relax1-768x978.png 768w, https:\/\/mooden.cz\/wp-content\/uploads\/2026\/03\/relax1-500x637.png 500w\" sizes=\"auto, (max-width: 1068px) 100vw, 1068px\" \/><\/figure>\n<\/div>\n<\/div>\n<\/div>\n\n<div class=\"wp-block-buttons is-content-justification-right is-layout-flex wp-container-core-buttons-is-layout-d445cf74 wp-block-buttons-is-layout-flex\">\n<div class=\"wp-block-button\"><a class=\"wp-block-button__link wp-element-button\" href=\"https:\/\/mooden.cz\/en\/our-work\/\"><strong>Pod\u00edvejte se na dal\u0161\u00ed reference<\/strong><\/a><\/div>\n<\/div>\n\n<div style=\"height:71px\" aria-hidden=\"true\" class=\"wp-block-spacer\"><\/div>\n\n<h2 class=\"wp-block-heading\">Jak prob\u00edhala realizace?<\/h2>\n\n<div style=\"height:18px\" aria-hidden=\"true\" class=\"wp-block-spacer\"><\/div>\n\n<div class=\"wp-block-columns is-layout-flex wp-container-core-columns-is-layout-28f84493 wp-block-columns-is-layout-flex\">\n<div class=\"wp-block-column is-layout-flow wp-block-column-is-layout-flow\" style=\"flex-basis:10%\"><\/div>\n\n\n\n<div class=\"wp-block-column is-layout-flow wp-block-column-is-layout-flow\" style=\"flex-basis:50%\">\n<figure class=\"wp-block-embed is-type-video is-provider-youtube wp-block-embed-youtube wp-embed-aspect-16-9 wp-has-aspect-ratio\"><div class=\"wp-block-embed__wrapper\">\n<iframe loading=\"lazy\" title=\"Pr\u016fb\u011bh realizace nov\u00fdch kancel\u00e1\u0159\u00ed SAFETICA\" width=\"500\" height=\"281\" src=\"https:\/\/www.youtube.com\/embed\/H6gqoEd9D48?feature=oembed\" frameborder=\"0\" allow=\"accelerometer; autoplay; clipboard-write; encrypted-media; gyroscope; picture-in-picture; web-share\" referrerpolicy=\"strict-origin-when-cross-origin\" allowfullscreen><\/iframe>\n<\/div><\/figure>\n<\/div>\n\n\n\n<div class=\"wp-block-column is-layout-flow wp-block-column-is-layout-flow\" style=\"flex-basis:25%\">\n<h3 class=\"wp-block-heading\"><br\/><br\/><\/h3>\n\n\n\n<p class=\"wp-block-paragraph\">Projekt byl realizov\u00e1n v n\u011bkolika navazuj\u00edc\u00edch etap\u00e1ch, kter\u00e9 byly p\u0159edem jasn\u011b definov\u00e1ny. <br\/>D\u00edky propojen\u00ed n\u00e1vrhu a realizace jsme m\u011bli cel\u00fd proces pod kontrolou a mohli jsme zajistit, \u017ee v\u00fdsledn\u00fd interi\u00e9r odpov\u00edd\u00e1 n\u00e1vrhu do posledn\u00edho detailu.<br\/><br\/><strong><a href=\"https:\/\/mooden.cz\/en\/contact\/\" data-type=\"page\" data-id=\"90\">Poj\u010fme spole\u010dn\u011b navrhnout i va\u0161e interi\u00e9ry.<\/a><\/strong> <\/p>\n<\/div>\n<\/div>\n\n<div style=\"height:91px\" aria-hidden=\"true\" class=\"wp-block-spacer\"><\/div>\n\n<h3 class=\"wp-block-heading\">Safetica &#8211; nad\u010dasov\u00e9 kancel\u00e1\u0159e 21. stolet\u00ed<\/h3>\n\n<div class=\"wp-block-columns is-layout-flex wp-container-core-columns-is-layout-28f84493 wp-block-columns-is-layout-flex\">\n<div class=\"wp-block-column is-layout-flow wp-block-column-is-layout-flow\" style=\"flex-basis:66.66%\">\n<figure class=\"wp-block-image size-full\"><img loading=\"lazy\" decoding=\"async\" width=\"2404\" height=\"1322\" src=\"https:\/\/mooden.cz\/wp-content\/uploads\/2026\/03\/safetica3.png\" alt=\"\" class=\"wp-image-6008\" srcset=\"https:\/\/mooden.cz\/wp-content\/uploads\/2026\/03\/safetica3.png 2404w, https:\/\/mooden.cz\/wp-content\/uploads\/2026\/03\/safetica3-750x412.png 750w, https:\/\/mooden.cz\/wp-content\/uploads\/2026\/03\/safetica3-1500x825.png 1500w, https:\/\/mooden.cz\/wp-content\/uploads\/2026\/03\/safetica3-768x422.png 768w, https:\/\/mooden.cz\/wp-content\/uploads\/2026\/03\/safetica3-1536x845.png 1536w, https:\/\/mooden.cz\/wp-content\/uploads\/2026\/03\/safetica3-2048x1126.png 2048w, https:\/\/mooden.cz\/wp-content\/uploads\/2026\/03\/safetica3-500x275.png 500w\" sizes=\"auto, (max-width: 2404px) 100vw, 2404px\" \/><\/figure>\n\n\n\n<div class=\"wp-block-buttons is-layout-flex wp-block-buttons-is-layout-flex\">\n<div class=\"wp-block-button\"><a class=\"wp-block-button__link wp-element-button\" href=\"https:\/\/mooden.cz\/en\/contact\/\"><strong>Nez\u00e1vazn\u011b poptat spolupr\u00e1ci<\/strong><\/a><\/div>\n<\/div>\n<\/div>\n\n\n\n<div class=\"wp-block-column is-layout-flow wp-block-column-is-layout-flow\" style=\"flex-basis:33.33%\">\n<p class=\"wp-block-paragraph\">V\u00fdsledkem jsou kancel\u00e1\u0159e, kter\u00e9 <strong>odpov\u00eddaj\u00ed dynamice technologick\u00e9 firmy<\/strong> a z\u00e1rove\u0148 vytv\u00e1\u0159ej\u00ed kultivovan\u00e9, funk\u010dn\u00ed a dlouhodob\u011b udr\u017eiteln\u00e9 pracovn\u00ed prost\u0159ed\u00ed.<\/p>\n\n\n\n<p class=\"wp-block-paragraph\">Prostor podporuje jak individu\u00e1ln\u00ed v\u00fdkon, tak t\u00fdmovou spolupr\u00e1ci a p\u0159irozen\u011b <strong>reaguje na pot\u0159eby zam\u011bstnanc\u016f<\/strong> v pr\u016fb\u011bhu cel\u00e9ho pracovn\u00edho dne.<\/p>\n\n\n\n<figure class=\"wp-block-image size-large d-none d-md-block\"><img loading=\"lazy\" decoding=\"async\" width=\"101\" height=\"101\" src=\"https:\/\/mooden.cz\/wp-content\/uploads\/2025\/08\/sipka.svg\" alt=\"\" class=\"wp-image-716\"\/><\/figure>\n\n\n\n<figure class=\"wp-block-image size-full mt-5\"><img loading=\"lazy\" decoding=\"async\" width=\"2022\" height=\"1326\" src=\"https:\/\/mooden.cz\/wp-content\/uploads\/2026\/03\/safetica5.png\" alt=\"\" class=\"wp-image-6009\" srcset=\"https:\/\/mooden.cz\/wp-content\/uploads\/2026\/03\/safetica5.png 2022w, https:\/\/mooden.cz\/wp-content\/uploads\/2026\/03\/safetica5-750x492.png 750w, https:\/\/mooden.cz\/wp-content\/uploads\/2026\/03\/safetica5-1500x984.png 1500w, https:\/\/mooden.cz\/wp-content\/uploads\/2026\/03\/safetica5-768x504.png 768w, https:\/\/mooden.cz\/wp-content\/uploads\/2026\/03\/safetica5-1536x1007.png 1536w, https:\/\/mooden.cz\/wp-content\/uploads\/2026\/03\/safetica5-500x328.png 500w\" sizes=\"auto, (max-width: 2022px) 100vw, 2022px\" \/><\/figure>\n<\/div>\n<\/div>\n","protected":false},"featured_media":6226,"parent":0,"template":"single-reference-premium.php","typ-reference":[32],"class_list":["post-6182","reference","type-reference","status-publish","has-post-thumbnail","hentry","typ-reference-offices"],"acf":[],"_links":{"self":[{"href":"https:\/\/mooden.cz\/en\/wp-json\/wp\/v2\/reference\/6182","targetHints":{"allow":["GET"]}}],"collection":[{"href":"https:\/\/mooden.cz\/en\/wp-json\/wp\/v2\/reference"}],"about":[{"href":"https:\/\/mooden.cz\/en\/wp-json\/wp\/v2\/types\/reference"}],"version-history":[{"count":1,"href":"https:\/\/mooden.cz\/en\/wp-json\/wp\/v2\/reference\/6182\/revisions"}],"predecessor-version":[{"id":6183,"href":"https:\/\/mooden.cz\/en\/wp-json\/wp\/v2\/reference\/6182\/revisions\/6183"}],"wp:featuredmedia":[{"embeddable":true,"href":"https:\/\/mooden.cz\/en\/wp-json\/wp\/v2\/media\/6226"}],"wp:attachment":[{"href":"https:\/\/mooden.cz\/en\/wp-json\/wp\/v2\/media?parent=6182"}],"wp:term":[{"taxonomy":"typ-reference","embeddable":true,"href":"https:\/\/mooden.cz\/en\/wp-json\/wp\/v2\/typ-reference?post=6182"}],"curies":[{"name":"wp","href":"https:\/\/api.w.org\/{rel}","templated":true}]}}